{"id":58,"date":"2017-04-18T21:15:31","date_gmt":"2017-04-18T21:15:31","guid":{"rendered":"http:\/\/preview.spatzennest-heggen.de\/?page_id=58"},"modified":"2018-07-12T05:56:01","modified_gmt":"2018-07-12T05:56:01","slug":"integrativ","status":"publish","type":"page","link":"http:\/\/spatzennest-heggen.de\/?page_id=58","title":{"rendered":"Inklusion"},"content":{"rendered":"<div id=\"art-main\">\n<div class=\"art-sheet\">\n<div class=\"art-sheet-body\">\n<div class=\"art-content-layout\">\n<div class=\"art-content-layout-row\">\n<div class=\"art-layout-cell art-content\">\n<div class=\"art-post\">\n<div class=\"art-post-body\">\n<div class=\"art-post-inner\">\n<p class=\"art-postheader\">Wir bieten im Rahmen unserer Inklusionsarbeit auch die Betreuung von Kindern mit Entwicklungsverz\u00f6gerung und\/oder Behinderungen an, die von Erzieherinnen mit heilp\u00e4dagogischer Zusatzausbildung betreut werden. Wir legen ein besonderes Augenmerk auf die speziellen Anspr\u00fcche dieser Kinder, und begleiten\u00a0 die F\u00f6rderma\u00dfnahmen im Rahmen der t\u00e4glichen p\u00e4dagogischen Arbeit.<\/p>\n<div class=\"art-postcontent\">\n<div class=\"art-article\">\n<p>Uns ist wichtig, dass diese Kinder in den normalen KindergartenAlltag einbezogen werden und eine gegenseitige Akzeptanz erfahren. Ziel ist es, diese Kinder soweit zu f\u00f6rdern, dass sie ihre Entwicklungsverz\u00f6gerung und\/oder Behinderung entsprechend, optimale eigene Lernerfolge erzielen.<\/p>\n<\/div>\n<\/div>\n<\/div>\n<\/div>\n<\/div>\n<\/div>\n<\/div>\n<\/div>\n<\/div>\n<\/div>\n<\/div>\n","protected":false},"excerpt":{"rendered":"<p>Wir bieten im Rahmen unserer Inklusionsarbeit auch die Betreuung von Kindern mit Entwicklungsverz\u00f6gerung und\/oder Behinderungen an, die von Erzieherinnen mit heilp\u00e4dagogischer Zusatzausbildung betreut werden. Wir legen ein besonderes Augenmerk auf die speziellen Anspr\u00fcche dieser Kinder, und begleiten\u00a0 die F\u00f6rderma\u00dfnahmen im Rahmen der t\u00e4glichen p\u00e4dagogischen Arbeit. Uns ist wichtig, dass diese Kinder in den normalen KindergartenAlltag [&hellip;]<\/p>\n","protected":false},"author":5,"featured_media":0,"parent":62,"menu_order":1,"comment_status":"closed","ping_status":"closed","template":"","meta":{"footnotes":""},"class_list":["post-58","page","type-page","status-publish","hentry"],"_links":{"self":[{"href":"http:\/\/spatzennest-heggen.de\/index.php?rest_route=\/wp\/v2\/pages\/58","targetHints":{"allow":["GET"]}}],"collection":[{"href":"http:\/\/spatzennest-heggen.de\/index.php?rest_route=\/wp\/v2\/pages"}],"about":[{"href":"http:\/\/spatzennest-heggen.de\/index.php?rest_route=\/wp\/v2\/types\/page"}],"author":[{"embeddable":true,"href":"http:\/\/spatzennest-heggen.de\/index.php?rest_route=\/wp\/v2\/users\/5"}],"replies":[{"embeddable":true,"href":"http:\/\/spatzennest-heggen.de\/index.php?rest_route=%2Fwp%2Fv2%2Fcomments&post=58"}],"version-history":[{"count":8,"href":"http:\/\/spatzennest-heggen.de\/index.php?rest_route=\/wp\/v2\/pages\/58\/revisions"}],"predecessor-version":[{"id":383,"href":"http:\/\/spatzennest-heggen.de\/index.php?rest_route=\/wp\/v2\/pages\/58\/revisions\/383"}],"up":[{"embeddable":true,"href":"http:\/\/spatzennest-heggen.de\/index.php?rest_route=\/wp\/v2\/pages\/62"}],"wp:attachment":[{"href":"http:\/\/spatzennest-heggen.de\/index.php?rest_route=%2Fwp%2Fv2%2Fmedia&parent=58"}],"curies":[{"name":"wp","href":"https:\/\/api.w.org\/{rel}","templated":true}]}}